{"id":16727,"date":"2025-07-22T09:44:53","date_gmt":"2025-07-22T09:44:53","guid":{"rendered":"https:\/\/www.grancampingzarautz.com\/bloque-sanitario-al-lado-de-recepcion\/"},"modified":"2025-07-22T11:50:58","modified_gmt":"2025-07-22T11:50:58","slug":"bloc-sanitaire-a-cote-de-la-reception","status":"publish","type":"page","link":"https:\/\/www.grancampingzarautz.com\/fr\/bloc-sanitaire-a-cote-de-la-reception\/","title":{"rendered":"Point 6: Bloc Sanitaire \u00e0 c\u00f4t\u00e9 de la R\u00e9ception"},"content":{"rendered":"\t\t<div data-elementor-type=\"wp-page\" data-elementor-id=\"16727\" class=\"elementor elementor-16727 elementor-16720\" data-elementor-post-type=\"page\">\n\t\t\t\t<div class=\"elementor-element elementor-element-67645a2b e-con-full elementor-hidden-mobile e-flex e-con e-parent\" data-id=\"67645a2b\" data-element_type=\"container\" data-settings=\"{&quot;background_background&quot;:&quot;classic&quot;}\">\n\t\t\t\t<div class=\"elementor-element elementor-element-00cddc5 elementor-widget elementor-widget-heading\" data-id=\"00cddc5\" data-element_type=\"widget\" data-widget_type=\"heading.default\">\n\t\t\t\t<div class=\"elementor-widget-container\">\n\t\t\t<style>\/*! elementor - v3.23.0 - 15-07-2024 *\/\n.elementor-heading-title{padding:0;margin:0;line-height:1}.elementor-widget-heading .elementor-heading-title[class*=elementor-size-]>a{color:inherit;font-size:inherit;line-height:inherit}.elementor-widget-heading .elementor-heading-title.elementor-size-small{font-size:15px}.elementor-widget-heading .elementor-heading-title.elementor-size-medium{font-size:19px}.elementor-widget-heading .elementor-heading-title.elementor-size-large{font-size:29px}.elementor-widget-heading .elementor-heading-title.elementor-size-xl{font-size:39px}.elementor-widget-heading .elementor-heading-title.elementor-size-xxl{font-size:59px}<\/style><h1 class=\"elementor-heading-title elementor-size-default\">Point 6: Bloc Sanitaire \u00e0 c\u00f4t\u00e9 de la R\u00e9ception<\/h1>\t\t<\/div>\n\t\t\t\t<\/div>\n\t\t\t\t<\/div>\n\t\t<div class=\"elementor-element elementor-element-69a18b4e e-flex e-con-boxed e-con e-parent\" data-id=\"69a18b4e\" data-element_type=\"container\">\n\t\t\t\t\t<div class=\"e-con-inner\">\n\t\t\t\t<div class=\"elementor-element elementor-element-269200e elementor-widget elementor-widget-spacer\" data-id=\"269200e\" data-element_type=\"widget\" data-widget_type=\"spacer.default\">\n\t\t\t\t<div class=\"elementor-widget-container\">\n\t\t\t<style>\/*! elementor - v3.23.0 - 15-07-2024 *\/\n.elementor-column .elementor-spacer-inner{height:var(--spacer-size)}.e-con{--container-widget-width:100%}.e-con-inner>.elementor-widget-spacer,.e-con>.elementor-widget-spacer{width:var(--container-widget-width,var(--spacer-size));--align-self:var(--container-widget-align-self,initial);--flex-shrink:0}.e-con-inner>.elementor-widget-spacer>.elementor-widget-container,.e-con>.elementor-widget-spacer>.elementor-widget-container{height:100%;width:100%}.e-con-inner>.elementor-widget-spacer>.elementor-widget-container>.elementor-spacer,.e-con>.elementor-widget-spacer>.elementor-widget-container>.elementor-spacer{height:100%}.e-con-inner>.elementor-widget-spacer>.elementor-widget-container>.elementor-spacer>.elementor-spacer-inner,.e-con>.elementor-widget-spacer>.elementor-widget-container>.elementor-spacer>.elementor-spacer-inner{height:var(--container-widget-height,var(--spacer-size))}.e-con-inner>.elementor-widget-spacer.elementor-widget-empty,.e-con>.elementor-widget-spacer.elementor-widget-empty{position:relative;min-height:22px;min-width:22px}.e-con-inner>.elementor-widget-spacer.elementor-widget-empty .elementor-widget-empty-icon,.e-con>.elementor-widget-spacer.elementor-widget-empty .elementor-widget-empty-icon{position:absolute;top:0;bottom:0;left:0;right:0;margin:auto;padding:0;width:22px;height:22px}<\/style>\t\t<div class=\"elementor-spacer\">\n\t\t\t<div class=\"elementor-spacer-inner\"><\/div>\n\t\t<\/div>\n\t\t\t\t<\/div>\n\t\t\t\t<\/div>\n\t\t\t\t<div class=\"elementor-element elementor-element-87fedc5 elementor-hidden-desktop elementor-hidden-tablet elementor-widget elementor-widget-heading\" data-id=\"87fedc5\" data-element_type=\"widget\" data-widget_type=\"heading.default\">\n\t\t\t\t<div class=\"elementor-widget-container\">\n\t\t\t<h1 class=\"elementor-heading-title elementor-size-default\">Point 6: Bloc Sanitaire \u00e0 c\u00f4t\u00e9 de la R\u00e9ception<\/h1>\t\t<\/div>\n\t\t\t\t<\/div>\n\t\t\t\t<div class=\"elementor-element elementor-element-57e3bf55 elementor-widget elementor-widget-text-editor\" data-id=\"57e3bf55\" data-element_type=\"widget\" data-widget_type=\"text-editor.default\">\n\t\t\t\t<div class=\"elementor-widget-container\">\n\t\t\t<style>\/*! elementor - v3.23.0 - 15-07-2024 *\/\n.elementor-widget-text-editor.elementor-drop-cap-view-stacked .elementor-drop-cap{background-color:#69727d;color:#fff}.elementor-widget-text-editor.elementor-drop-cap-view-framed .elementor-drop-cap{color:#69727d;border:3px solid;background-color:transparent}.elementor-widget-text-editor:not(.elementor-drop-cap-view-default) .elementor-drop-cap{margin-top:8px}.elementor-widget-text-editor:not(.elementor-drop-cap-view-default) .elementor-drop-cap-letter{width:1em;height:1em}.elementor-widget-text-editor .elementor-drop-cap{float:left;text-align:center;line-height:1;font-size:50px}.elementor-widget-text-editor .elementor-drop-cap-letter{display:inline-block}<\/style>\t\t\t\t<p>Vous \u00eates dans l\u2019un des trois blocs sanitaires du Gran Camping Zarautz.<\/p><p>Ici, vous trouverez tout ce dont vous avez besoin pour votre routine quotidienne : lavabos, douches, tables \u00e0 langer pour b\u00e9b\u00e9s et toilettes adapt\u00e9es aux personnes \u00e0 mobilit\u00e9 r\u00e9duite.<\/p><p>Vous trouverez \u00e9galement des \u00e9viers pour la vaisselle, des espaces pour la lessive et des toilettes chimiques.<\/p><p>Un espace pratique et bien entretenu, con\u00e7u pour rendre votre s\u00e9jour aussi confortable que possible.<\/p>\t\t\t\t\t\t<\/div>\n\t\t\t\t<\/div>\n\t\t\t\t\t<\/div>\n\t\t\t\t<\/div>\n\t\t<div class=\"elementor-element elementor-element-638845c e-flex e-con-boxed e-con e-parent\" data-id=\"638845c\" data-element_type=\"container\">\n\t\t\t\t\t<div class=\"e-con-inner\">\n\t\t\t\t<div class=\"elementor-element elementor-element-695ca6f elementor-widget elementor-widget-html\" data-id=\"695ca6f\" data-element_type=\"widget\" data-widget_type=\"html.default\">\n\t\t\t\t<div class=\"elementor-widget-container\">\n\t\t\t <audio controls>\n  <source src=\"https:\/\/www.grancampingzarautz.com\/wp-content\/uploads\/2025\/07\/Point6_FRA_bloc_sanitaire.mp3\">\n<\/audio> \t\t<\/div>\n\t\t\t\t<\/div>\n\t\t\t\t<div class=\"elementor-element elementor-element-621f778 elementor-widget elementor-widget-spacer\" data-id=\"621f778\" data-element_type=\"widget\" data-widget_type=\"spacer.default\">\n\t\t\t\t<div class=\"elementor-widget-container\">\n\t\t\t\t\t<div class=\"elementor-spacer\">\n\t\t\t<div class=\"elementor-spacer-inner\"><\/div>\n\t\t<\/div>\n\t\t\t\t<\/div>\n\t\t\t\t<\/div>\n\t\t\t\t\t<\/div>\n\t\t\t\t<\/div>\n\t\t<div class=\"elementor-element elementor-element-40feb3e e-flex e-con-boxed e-con e-parent\" data-id=\"40feb3e\" data-element_type=\"container\">\n\t\t\t\t\t<div class=\"e-con-inner\">\n\t\t\t\t<div class=\"elementor-element elementor-element-7db92a4 elementor-hidden-mobile elementor-widget elementor-widget-image\" data-id=\"7db92a4\" data-element_type=\"widget\" data-widget_type=\"image.default\">\n\t\t\t\t<div class=\"elementor-widget-container\">\n\t\t\t<style>\/*! elementor - v3.23.0 - 15-07-2024 *\/\n.elementor-widget-image{text-align:center}.elementor-widget-image a{display:inline-block}.elementor-widget-image a img[src$=\".svg\"]{width:48px}.elementor-widget-image img{vertical-align:middle;display:inline-block}<\/style>\t\t\t\t\t\t\t\t\t\t<img fetchpriority=\"high\" decoding=\"async\" width=\"1600\" height=\"1200\" src=\"https:\/\/www.grancampingzarautz.com\/wp-content\/uploads\/2025\/07\/6_WC_recepcion_horiziontal-1.jpg\" class=\"attachment-full size-full wp-image-17012\" alt=\"\" srcset=\"https:\/\/www.grancampingzarautz.com\/wp-content\/uploads\/2025\/07\/6_WC_recepcion_horiziontal-1.jpg 1600w, https:\/\/www.grancampingzarautz.com\/wp-content\/uploads\/2025\/07\/6_WC_recepcion_horiziontal-1-300x225.jpg 300w, https:\/\/www.grancampingzarautz.com\/wp-content\/uploads\/2025\/07\/6_WC_recepcion_horiziontal-1-1024x768.jpg 1024w, https:\/\/www.grancampingzarautz.com\/wp-content\/uploads\/2025\/07\/6_WC_recepcion_horiziontal-1-768x576.jpg 768w, https:\/\/www.grancampingzarautz.com\/wp-content\/uploads\/2025\/07\/6_WC_recepcion_horiziontal-1-1536x1152.jpg 1536w\" sizes=\"(max-width: 1600px) 100vw, 1600px\" \/>\t\t\t\t\t\t\t\t\t\t\t\t\t<\/div>\n\t\t\t\t<\/div>\n\t\t\t\t<div class=\"elementor-element elementor-element-e80ef9c elementor-hidden-desktop elementor-hidden-tablet elementor-widget elementor-widget-image\" data-id=\"e80ef9c\" data-element_type=\"widget\" data-widget_type=\"image.default\">\n\t\t\t\t<div class=\"elementor-widget-container\">\n\t\t\t\t\t\t\t\t\t\t\t\t\t<img decoding=\"async\" width=\"1200\" height=\"1600\" src=\"https:\/\/www.grancampingzarautz.com\/wp-content\/uploads\/2025\/07\/6_WC_recepcion_vertical-1.jpg\" class=\"attachment-full size-full wp-image-17018\" alt=\"\" srcset=\"https:\/\/www.grancampingzarautz.com\/wp-content\/uploads\/2025\/07\/6_WC_recepcion_vertical-1.jpg 1200w, https:\/\/www.grancampingzarautz.com\/wp-content\/uploads\/2025\/07\/6_WC_recepcion_vertical-1-225x300.jpg 225w, https:\/\/www.grancampingzarautz.com\/wp-content\/uploads\/2025\/07\/6_WC_recepcion_vertical-1-768x1024.jpg 768w, https:\/\/www.grancampingzarautz.com\/wp-content\/uploads\/2025\/07\/6_WC_recepcion_vertical-1-1152x1536.jpg 1152w\" sizes=\"(max-width: 1200px) 100vw, 1200px\" \/>\t\t\t\t\t\t\t\t\t\t\t\t\t<\/div>\n\t\t\t\t<\/div>\n\t\t\t\t<div class=\"elementor-element elementor-element-f525e9c elementor-widget elementor-widget-spacer\" data-id=\"f525e9c\" data-element_type=\"widget\" data-widget_type=\"spacer.default\">\n\t\t\t\t<div class=\"elementor-widget-container\">\n\t\t\t\t\t<div class=\"elementor-spacer\">\n\t\t\t<div class=\"elementor-spacer-inner\"><\/div>\n\t\t<\/div>\n\t\t\t\t<\/div>\n\t\t\t\t<\/div>\n\t\t\t\t\t<\/div>\n\t\t\t\t<\/div>\n\t\t\t\t<\/div>\n\t\t","protected":false},"excerpt":{"rendered":"<p>Point 6: Bloc Sanitaire \u00e0 c\u00f4t\u00e9 de la R\u00e9ception Point 6: Bloc Sanitaire \u00e0 c\u00f4t\u00e9 de la R\u00e9ception Vous \u00eates dans l\u2019un des trois blocs sanitaires du Gran Camping Zarautz. Ici, vous trouverez tout ce dont vous avez besoin pour votre routine quotidienne : lavabos, douches, tables \u00e0 langer pour b\u00e9b\u00e9s et toilettes adapt\u00e9es aux [&hellip;]<\/p>\n","protected":false},"author":1,"featured_media":0,"parent":0,"menu_order":0,"comment_status":"closed","ping_status":"closed","template":"","meta":{"footnotes":""},"class_list":["post-16727","page","type-page","status-publish","hentry"],"yoast_head":"<!-- This site is optimized with the Yoast SEO plugin v25.9 - https:\/\/yoast.com\/wordpress\/plugins\/seo\/ -->\n<title>Point 6: Bloc Sanitaire \u00e0 c\u00f4t\u00e9 de la R\u00e9ception - Gran Camping Zarautz<\/title>\n<meta name=\"robots\" content=\"index, follow, max-snippet:-1, max-image-preview:large, max-video-preview:-1\" \/>\n<link rel=\"canonical\" href=\"https:\/\/www.grancampingzarautz.com\/fr\/bloc-sanitaire-a-cote-de-la-reception\/\" \/>\n<meta property=\"og:locale\" content=\"fr_FR\" \/>\n<meta property=\"og:type\" content=\"article\" \/>\n<meta property=\"og:title\" content=\"Point 6: Bloc Sanitaire \u00e0 c\u00f4t\u00e9 de la R\u00e9ception - Gran Camping Zarautz\" \/>\n<meta property=\"og:description\" content=\"Point 6: Bloc Sanitaire \u00e0 c\u00f4t\u00e9 de la R\u00e9ception Point 6: Bloc Sanitaire \u00e0 c\u00f4t\u00e9 de la R\u00e9ception Vous \u00eates dans l\u2019un des trois blocs sanitaires du Gran Camping Zarautz. Ici, vous trouverez tout ce dont vous avez besoin pour votre routine quotidienne : lavabos, douches, tables \u00e0 langer pour b\u00e9b\u00e9s et toilettes adapt\u00e9es aux [&hellip;]\" \/>\n<meta property=\"og:url\" content=\"https:\/\/www.grancampingzarautz.com\/fr\/bloc-sanitaire-a-cote-de-la-reception\/\" \/>\n<meta property=\"og:site_name\" content=\"Gran Camping Zarautz\" \/>\n<meta property=\"article:modified_time\" content=\"2025-07-22T11:50:58+00:00\" \/>\n<meta property=\"og:image\" content=\"https:\/\/www.grancampingzarautz.com\/wp-content\/uploads\/2025\/07\/6_WC_recepcion_horiziontal-1.jpg\" \/>\n\t<meta property=\"og:image:width\" content=\"1600\" \/>\n\t<meta property=\"og:image:height\" content=\"1200\" \/>\n\t<meta property=\"og:image:type\" content=\"image\/jpeg\" \/>\n<meta name=\"twitter:card\" content=\"summary_large_image\" \/>\n<meta name=\"twitter:label1\" content=\"Dur\u00e9e de lecture estim\u00e9e\" \/>\n\t<meta name=\"twitter:data1\" content=\"1 minute\" \/>\n<script type=\"application\/ld+json\" class=\"yoast-schema-graph\">{\"@context\":\"https:\/\/schema.org\",\"@graph\":[{\"@type\":\"WebPage\",\"@id\":\"https:\/\/www.grancampingzarautz.com\/fr\/bloc-sanitaire-a-cote-de-la-reception\/\",\"url\":\"https:\/\/www.grancampingzarautz.com\/fr\/bloc-sanitaire-a-cote-de-la-reception\/\",\"name\":\"Point 6: Bloc Sanitaire \u00e0 c\u00f4t\u00e9 de la R\u00e9ception - Gran Camping Zarautz\",\"isPartOf\":{\"@id\":\"https:\/\/www.grancampingzarautz.com\/fr\/#website\"},\"primaryImageOfPage\":{\"@id\":\"https:\/\/www.grancampingzarautz.com\/fr\/bloc-sanitaire-a-cote-de-la-reception\/#primaryimage\"},\"image\":{\"@id\":\"https:\/\/www.grancampingzarautz.com\/fr\/bloc-sanitaire-a-cote-de-la-reception\/#primaryimage\"},\"thumbnailUrl\":\"https:\/\/www.grancampingzarautz.com\/wp-content\/uploads\/2025\/07\/6_WC_recepcion_horiziontal-1.jpg\",\"datePublished\":\"2025-07-22T09:44:53+00:00\",\"dateModified\":\"2025-07-22T11:50:58+00:00\",\"breadcrumb\":{\"@id\":\"https:\/\/www.grancampingzarautz.com\/fr\/bloc-sanitaire-a-cote-de-la-reception\/#breadcrumb\"},\"inLanguage\":\"fr-FR\",\"potentialAction\":[{\"@type\":\"ReadAction\",\"target\":[\"https:\/\/www.grancampingzarautz.com\/fr\/bloc-sanitaire-a-cote-de-la-reception\/\"]}]},{\"@type\":\"ImageObject\",\"inLanguage\":\"fr-FR\",\"@id\":\"https:\/\/www.grancampingzarautz.com\/fr\/bloc-sanitaire-a-cote-de-la-reception\/#primaryimage\",\"url\":\"https:\/\/www.grancampingzarautz.com\/wp-content\/uploads\/2025\/07\/6_WC_recepcion_horiziontal-1.jpg\",\"contentUrl\":\"https:\/\/www.grancampingzarautz.com\/wp-content\/uploads\/2025\/07\/6_WC_recepcion_horiziontal-1.jpg\"},{\"@type\":\"BreadcrumbList\",\"@id\":\"https:\/\/www.grancampingzarautz.com\/fr\/bloc-sanitaire-a-cote-de-la-reception\/#breadcrumb\",\"itemListElement\":[{\"@type\":\"ListItem\",\"position\":1,\"name\":\"Portada\",\"item\":\"https:\/\/www.grancampingzarautz.com\/fr\/\"},{\"@type\":\"ListItem\",\"position\":2,\"name\":\"Point 6: Bloc Sanitaire \u00e0 c\u00f4t\u00e9 de la R\u00e9ception\"}]},{\"@type\":\"WebSite\",\"@id\":\"https:\/\/www.grancampingzarautz.com\/fr\/#website\",\"url\":\"https:\/\/www.grancampingzarautz.com\/fr\/\",\"name\":\"Gran Camping Zarautz\",\"description\":\"Camping abierto todo el a\u00f1o\",\"publisher\":{\"@id\":\"https:\/\/www.grancampingzarautz.com\/fr\/#organization\"},\"potentialAction\":[{\"@type\":\"SearchAction\",\"target\":{\"@type\":\"EntryPoint\",\"urlTemplate\":\"https:\/\/www.grancampingzarautz.com\/fr\/?s={search_term_string}\"},\"query-input\":{\"@type\":\"PropertyValueSpecification\",\"valueRequired\":true,\"valueName\":\"search_term_string\"}}],\"inLanguage\":\"fr-FR\"},{\"@type\":\"Organization\",\"@id\":\"https:\/\/www.grancampingzarautz.com\/fr\/#organization\",\"name\":\"Gran Camping Zarautz\",\"url\":\"https:\/\/www.grancampingzarautz.com\/fr\/\",\"logo\":{\"@type\":\"ImageObject\",\"inLanguage\":\"fr-FR\",\"@id\":\"https:\/\/www.grancampingzarautz.com\/fr\/#\/schema\/logo\/image\/\",\"url\":\"https:\/\/www.grancampingzarautz.com\/wp-content\/uploads\/2024\/07\/logo.svg\",\"contentUrl\":\"https:\/\/www.grancampingzarautz.com\/wp-content\/uploads\/2024\/07\/logo.svg\",\"width\":255,\"height\":246,\"caption\":\"Gran Camping Zarautz\"},\"image\":{\"@id\":\"https:\/\/www.grancampingzarautz.com\/fr\/#\/schema\/logo\/image\/\"}}]}<\/script>\n<!-- \/ Yoast SEO plugin. -->","yoast_head_json":{"title":"Point 6: Bloc Sanitaire \u00e0 c\u00f4t\u00e9 de la R\u00e9ception - Gran Camping Zarautz","robots":{"index":"index","follow":"follow","max-snippet":"max-snippet:-1","max-image-preview":"max-image-preview:large","max-video-preview":"max-video-preview:-1"},"canonical":"https:\/\/www.grancampingzarautz.com\/fr\/bloc-sanitaire-a-cote-de-la-reception\/","og_locale":"fr_FR","og_type":"article","og_title":"Point 6: Bloc Sanitaire \u00e0 c\u00f4t\u00e9 de la R\u00e9ception - Gran Camping Zarautz","og_description":"Point 6: Bloc Sanitaire \u00e0 c\u00f4t\u00e9 de la R\u00e9ception Point 6: Bloc Sanitaire \u00e0 c\u00f4t\u00e9 de la R\u00e9ception Vous \u00eates dans l\u2019un des trois blocs sanitaires du Gran Camping Zarautz. Ici, vous trouverez tout ce dont vous avez besoin pour votre routine quotidienne : lavabos, douches, tables \u00e0 langer pour b\u00e9b\u00e9s et toilettes adapt\u00e9es aux [&hellip;]","og_url":"https:\/\/www.grancampingzarautz.com\/fr\/bloc-sanitaire-a-cote-de-la-reception\/","og_site_name":"Gran Camping Zarautz","article_modified_time":"2025-07-22T11:50:58+00:00","og_image":[{"width":1600,"height":1200,"url":"https:\/\/www.grancampingzarautz.com\/wp-content\/uploads\/2025\/07\/6_WC_recepcion_horiziontal-1.jpg","type":"image\/jpeg"}],"twitter_card":"summary_large_image","twitter_misc":{"Dur\u00e9e de lecture estim\u00e9e":"1 minute"},"schema":{"@context":"https:\/\/schema.org","@graph":[{"@type":"WebPage","@id":"https:\/\/www.grancampingzarautz.com\/fr\/bloc-sanitaire-a-cote-de-la-reception\/","url":"https:\/\/www.grancampingzarautz.com\/fr\/bloc-sanitaire-a-cote-de-la-reception\/","name":"Point 6: Bloc Sanitaire \u00e0 c\u00f4t\u00e9 de la R\u00e9ception - Gran Camping Zarautz","isPartOf":{"@id":"https:\/\/www.grancampingzarautz.com\/fr\/#website"},"primaryImageOfPage":{"@id":"https:\/\/www.grancampingzarautz.com\/fr\/bloc-sanitaire-a-cote-de-la-reception\/#primaryimage"},"image":{"@id":"https:\/\/www.grancampingzarautz.com\/fr\/bloc-sanitaire-a-cote-de-la-reception\/#primaryimage"},"thumbnailUrl":"https:\/\/www.grancampingzarautz.com\/wp-content\/uploads\/2025\/07\/6_WC_recepcion_horiziontal-1.jpg","datePublished":"2025-07-22T09:44:53+00:00","dateModified":"2025-07-22T11:50:58+00:00","breadcrumb":{"@id":"https:\/\/www.grancampingzarautz.com\/fr\/bloc-sanitaire-a-cote-de-la-reception\/#breadcrumb"},"inLanguage":"fr-FR","potentialAction":[{"@type":"ReadAction","target":["https:\/\/www.grancampingzarautz.com\/fr\/bloc-sanitaire-a-cote-de-la-reception\/"]}]},{"@type":"ImageObject","inLanguage":"fr-FR","@id":"https:\/\/www.grancampingzarautz.com\/fr\/bloc-sanitaire-a-cote-de-la-reception\/#primaryimage","url":"https:\/\/www.grancampingzarautz.com\/wp-content\/uploads\/2025\/07\/6_WC_recepcion_horiziontal-1.jpg","contentUrl":"https:\/\/www.grancampingzarautz.com\/wp-content\/uploads\/2025\/07\/6_WC_recepcion_horiziontal-1.jpg"},{"@type":"BreadcrumbList","@id":"https:\/\/www.grancampingzarautz.com\/fr\/bloc-sanitaire-a-cote-de-la-reception\/#breadcrumb","itemListElement":[{"@type":"ListItem","position":1,"name":"Portada","item":"https:\/\/www.grancampingzarautz.com\/fr\/"},{"@type":"ListItem","position":2,"name":"Point 6: Bloc Sanitaire \u00e0 c\u00f4t\u00e9 de la R\u00e9ception"}]},{"@type":"WebSite","@id":"https:\/\/www.grancampingzarautz.com\/fr\/#website","url":"https:\/\/www.grancampingzarautz.com\/fr\/","name":"Gran Camping Zarautz","description":"Camping abierto todo el a\u00f1o","publisher":{"@id":"https:\/\/www.grancampingzarautz.com\/fr\/#organization"},"potentialAction":[{"@type":"SearchAction","target":{"@type":"EntryPoint","urlTemplate":"https:\/\/www.grancampingzarautz.com\/fr\/?s={search_term_string}"},"query-input":{"@type":"PropertyValueSpecification","valueRequired":true,"valueName":"search_term_string"}}],"inLanguage":"fr-FR"},{"@type":"Organization","@id":"https:\/\/www.grancampingzarautz.com\/fr\/#organization","name":"Gran Camping Zarautz","url":"https:\/\/www.grancampingzarautz.com\/fr\/","logo":{"@type":"ImageObject","inLanguage":"fr-FR","@id":"https:\/\/www.grancampingzarautz.com\/fr\/#\/schema\/logo\/image\/","url":"https:\/\/www.grancampingzarautz.com\/wp-content\/uploads\/2024\/07\/logo.svg","contentUrl":"https:\/\/www.grancampingzarautz.com\/wp-content\/uploads\/2024\/07\/logo.svg","width":255,"height":246,"caption":"Gran Camping Zarautz"},"image":{"@id":"https:\/\/www.grancampingzarautz.com\/fr\/#\/schema\/logo\/image\/"}}]}},"_links":{"self":[{"href":"https:\/\/www.grancampingzarautz.com\/fr\/wp-json\/wp\/v2\/pages\/16727","targetHints":{"allow":["GET"]}}],"collection":[{"href":"https:\/\/www.grancampingzarautz.com\/fr\/wp-json\/wp\/v2\/pages"}],"about":[{"href":"https:\/\/www.grancampingzarautz.com\/fr\/wp-json\/wp\/v2\/types\/page"}],"author":[{"embeddable":true,"href":"https:\/\/www.grancampingzarautz.com\/fr\/wp-json\/wp\/v2\/users\/1"}],"replies":[{"embeddable":true,"href":"https:\/\/www.grancampingzarautz.com\/fr\/wp-json\/wp\/v2\/comments?post=16727"}],"version-history":[{"count":0,"href":"https:\/\/www.grancampingzarautz.com\/fr\/wp-json\/wp\/v2\/pages\/16727\/revisions"}],"wp:attachment":[{"href":"https:\/\/www.grancampingzarautz.com\/fr\/wp-json\/wp\/v2\/media?parent=16727"}],"curies":[{"name":"wp","href":"https:\/\/api.w.org\/{rel}","templated":true}]}}