{"id":4874,"date":"2016-04-04T14:23:06","date_gmt":"2016-04-04T14:23:06","guid":{"rendered":"http:\/\/www.campingzarautz.com\/gran-camping-zarautz-das-ganze-jahr-geoeffnet\/"},"modified":"2023-06-30T09:02:52","modified_gmt":"2023-06-30T09:02:52","slug":"gran-camping-zarautz-das-ganze-jahr-geoeffnet","status":"publish","type":"page","link":"https:\/\/www.grancampingzarautz.com\/de\/gran-camping-zarautz-das-ganze-jahr-geoeffnet\/","title":{"rendered":"Gran Camping Zarautz, das ganze Jahr ge\u00f6ffnet"},"content":{"rendered":"<p>[vc_row el_class=&#8220;zindex100000&#8243;][vc_column][rev_slider slidertitle=&#8220;Home 4&#8243; alias=&#8220;home-4&#8243;][vc_row_inner content_width=&#8220;grid&#8220;][vc_column_inner el_class=&#8220;reservasobreslider&#8220;][vc_raw_html]JTNDZGl2JTIwaWQlM0QlMjJ3aWRnZXRCb29raW5nQ29udGFpbmVyJTIyJTNFJTNDJTJGZGl2JTNF[\/vc_raw_html][\/vc_column_inner][\/vc_row_inner][\/vc_column][\/vc_row][vc_row row_type=&#8220;parallax&#8220; content_width=&#8220;grid&#8220; content_aligment=&#8220;center&#8220; full_screen_section_height=&#8220;no&#8220; section_height=&#8220;630px&#8220; css=&#8220;.vc_custom_1651829630584{background: #000000 url(https:\/\/www.grancampingzarautz.com\/wp-content\/uploads\/2022\/05\/camping-video-conocenos-fondo.jpg?id=4821) !important;}&#8220;][vc_column][mkdf_elements_holder][mkdf_elements_holder_item item_padding=&#8220;16% 0 15% 0&#8243; horizontal_aligment=&#8220;center&#8220; item_padding_1024_1280=&#8220;14% 0 13% 0&#8243; item_padding_480_600=&#8220;25% 0 13% 0&#8243; item_padding_480=&#8220;25% 0 13% 0&#8243;][mkdf_video_button video_link=&#8220;https:\/\/youtu.be\/5gUNtfsMnrA&#8220; title=&#8220;\u00dcber uns&#8220; title_style=&#8220;light&#8220;][\/mkdf_elements_holder_item][\/mkdf_elements_holder][\/vc_column][\/vc_row][vc_row content_width=&#8220;grid&#8220; css=&#8220;.vc_custom_1647359286173{padding-top: 80px !important;padding-bottom: 80px !important;background-color: #ebefef !important;}&#8220;][vc_column width=&#8220;1\/2&#8243;][vc_single_image image=&#8220;3201&#8243; img_size=&#8220;full&#8220; css_animation=&#8220;fadeInLeft&#8220;][\/vc_column][vc_column width=&#8220;1\/2&#8243;][vc_column_text el_class=&#8220;title&#8220;]<\/p>\n<h1>Das ganze Jahr ge\u00f6ffnet<\/h1>\n<p>[\/vc_column_text][vc_column_text el_class=&#8220;subtitle&#8220;]Unser Campingplatz ist das ganze Jahr \u00fcber ge\u00f6ffnet. Wir empfangen zu allen Jahreszeiten Besucher aus aller Welt.[\/vc_column_text][vc_column_text]<\/p>\n<p style=\"text-align: left;\">Wir bieten unsere Dienste seit fast sechs Jahrzehnten f\u00fcr alle Arten von Campern an. Wir sind derzeit <strong>der gr\u00f6\u00dfte Campingplatz im Baskenland<\/strong>, der das ganze Jahr \u00fcber ge\u00f6ffnet ist Bei der Veranstaltung Campingpl\u00e4tze Spaniens 2021 (Gala de Campings de Espa\u00f1a 2021), die vom Spanischen Verband der Campingpl\u00e4tze organisiert wurde, erhielten wir den <strong>Preis f\u00fcr den besten ganzj\u00e4hrig ge\u00f6ffneten Campingplatz 2021<\/strong>.<\/p>\n<p>[\/vc_column_text][\/vc_column][\/vc_row][vc_row row_type=&#8220;parallax&#8220; content_width=&#8220;grid&#8220; content_aligment=&#8220;center&#8220; full_screen_section_height=&#8220;no&#8220; css=&#8220;.vc_custom_1647530287250{padding-top: 50px !important;padding-bottom: 50px !important;background: #ebefef url(https:\/\/www.grancampingzarautz.com\/wp-content\/uploads\/2022\/03\/arboles-camping-fondo-azul.jpg?id=3208) !important;background-position: center !important;background-repeat: no-repeat !important;background-size: cover !important;}&#8220;][vc_column][vc_row_inner css=&#8220;.vc_custom_1647532732517{margin-bottom: 0px !important;padding-bottom: 0px !important;}&#8220;][vc_column_inner width=&#8220;1\/2&#8243;][\/vc_column_inner][vc_column_inner width=&#8220;1\/2&#8243;][vc_column_text el_class=&#8220;title colorwhite&#8220;]<\/p>\n<h2>Unsere Unterk\u00fcnfte<\/h2>\n<p>[\/vc_column_text][vc_column_text el_class=&#8220;colorwhite&#8220;]Wir bieten dir zwei M\u00f6glichkeiten:[\/vc_column_text][\/vc_column_inner][\/vc_row_inner][vc_row_inner css=&#8220;.vc_custom_1647532834221{margin-top: 0px !important;padding-top: 15px !important;}&#8220;][vc_column_inner width=&#8220;1\/2&#8243;][\/vc_column_inner][vc_column_inner width=&#8220;1\/4&#8243;][vc_hoverbox image=&#8220;3224&#8243; primary_title=&#8220;Stellpl\u00e4tze&#8220; hover_title=&#8220;&#8220; shape=&#8220;square&#8220; hover_btn_title=&#8220;Preise anzeigen&#8220; hover_btn_color=&#8220;primary&#8220; hover_add_button=&#8220;true&#8220; hover_btn_link=&#8220;url:https%3A%2F%2Fwww.grancampingzarautz.com%2Fparcelas%2F|title:Preise|&#8220;]Du kannst einen unserer <strong>450 Stellpl\u00e4tze<\/strong> reservieren, um dein Zelt aufzustellen oder f\u00fcr deinen Wohnwagen oder dein Wohnmobil. Unsere gesamte Anlage ist absolut barrierefrei.[\/vc_hoverbox][\/vc_column_inner][vc_column_inner width=&#8220;1\/4&#8243;][vc_hoverbox image=&#8220;3226&#8243; primary_title=&#8220;Glamping&#8220; hover_title=&#8220;&#8220; shape=&#8220;square&#8220; hover_btn_title=&#8220;Weitere Information&#8220; hover_btn_color=&#8220;primary&#8220; hover_add_button=&#8220;true&#8220; hover_btn_link=&#8220;url:https%3A%2F%2Fwww.grancampingzarautz.com%2Fglamping%2F|title:Glamping|&#8220;]Wir verf\u00fcgen \u00fcber <strong>Glamping-Unterk\u00fcnfte<\/strong> f\u00fcr zwei, vier und f\u00fcnf Personen. Perfekt also f\u00fcr einen romantischen Kurzurlaub oder einen Besuch mit der Familie oder mit Freunden.[\/vc_hoverbox][\/vc_column_inner][\/vc_row_inner][vc_row_inner css=&#8220;.vc_custom_1647532677228{margin-bottom: 0px !important;padding-top: 30px !important;padding-bottom: 0px !important;}&#8220;][vc_column_inner width=&#8220;1\/2&#8243; css=&#8220;.vc_custom_1647530058744{padding-top: 30% !important;}&#8220;][\/vc_column_inner][vc_column_inner width=&#8220;1\/2&#8243;][vc_btn title=&#8220;Siehe Campingkarte&#8220; color=&#8220;default&#8220; size=&#8220;lg&#8220; align=&#8220;center&#8220; i_icon_fontawesome=&#8220;far fa-map&#8220; button_block=&#8220;true&#8220; add_icon=&#8220;true&#8220; link=&#8220;url:%2Fwp-content%2Fuploads%2F2016%2F04%2Fmapa-camping.pdf|target:_blank|&#8220;][\/vc_column_inner][\/vc_row_inner][\/vc_column][\/vc_row][vc_row content_width=&#8220;grid&#8220; css=&#8220;.vc_custom_1647359286173{padding-top: 80px !important;padding-bottom: 80px !important;background-color: #ebefef !important;}&#8220;][vc_column width=&#8220;1\/2&#8243;][vc_column_text el_class=&#8220;title&#8220;]<\/p>\n<h2>Alle Dienstleistungen unseres Campingplatzes<\/h2>\n<p>[\/vc_column_text][vc_column_text]Wir bieten alle Arten von Dienstleistungen an, um das <strong>Campingleben das ganze Jahr<\/strong> \u00fcber genie\u00dfen zu k\u00f6nnen:<\/p>\n<p>Bei uns gibt es <strong>Bar\/Restaurant<\/strong>, <strong>Supermarkt<\/strong>, <strong>beheizte Sanit\u00e4ranlagen<\/strong> und <strong>Duschen mit Warmwasser<\/strong>, <strong>W\u00e4scherei<\/strong>, <strong>Grillplatz<\/strong>, <strong>Kinderspielplatz<\/strong>, <strong>Sportplatz<\/strong>, <strong>kostenloses WLAN<\/strong>, <strong>Fitnessraum<\/strong>, <strong>Spielzimmer<\/strong>u. v. m.[\/vc_column_text][vc_btn title=&#8220;Unsere Dienstleistungen anzeigen&#8220; color=&#8220;primary&#8220; size=&#8220;lg&#8220; css=&#8220;.vc_custom_1648568289059{margin-top: 15px !important;}&#8220; link=&#8220;url:https%3A%2F%2Fwww.grancampingzarautz.com%2Fservicios-e-instalaciones%2F|title:Dienstleistungen%20und%20Einrichtungen|&#8220;][\/vc_column][vc_column width=&#8220;1\/2&#8243;][vc_gallery type=&#8220;flexslider_slide&#8220; interval=&#8220;3&#8243; images=&#8220;3678,3395,3248,3249,3250,3251,3252,3253,3254,3255,3256,3257,3258,3259,5963&#8243; img_size=&#8220;full&#8220; onclick=&#8220;&#8220; css_animation=&#8220;fadeInRight&#8220;][\/vc_column][\/vc_row][vc_row css=&#8220;.vc_custom_1647536796191{padding-top: 120px !important;padding-bottom: 120px !important;background-image: url(https:\/\/www.grancampingzarautz.com\/wp-content\/uploads\/2022\/03\/surfista-amanecer-zarautz-naranja2.jpg?id=3243) !important;background-position: center !important;background-repeat: no-repeat !important;background-size: cover !important;}&#8220;][vc_column][vc_row_inner content_width=&#8220;grid&#8220;][vc_column_inner width=&#8220;1\/2&#8243;][vc_column_text el_class=&#8220;title colorwhite&#8220;]<\/p>\n<h2>Surfen Pur<\/h2>\n<p>[\/vc_column_text][vc_column_text el_class=&#8220;subtitle colorblack&#8220;]Liebst du es, mit deinem Board \u00fcber die Wellen zu reiten?[\/vc_column_text][vc_column_text el_class=&#8220;colorblack&#8220;]Dann hast du wahrscheinlich schon von den<strong>Str\u00e4nden von Zarautz<\/strong> geh\u00f6rt Zweifelsohne ist dies ein erstklassiger Ort, um sich dem Surfen zu widmen. Wir bieten einen <strong>Ausr\u00fcstungsverleih<\/strong>an, so dass du nicht einmal deine eigene Ausr\u00fcstung von zu Hause mitbringen musst.[\/vc_column_text][vc_btn title=&#8220;Aktivit\u00e4ten in der Umgebung&#8220; color=&#8220;default&#8220; size=&#8220;lg&#8220; css=&#8220;.vc_custom_1648568304138{margin-top: 15px !important;}&#8220; link=&#8220;url:https%3A%2F%2Fwww.grancampingzarautz.com%2Factividades%2F|title:Aktivit%C3%A4ten|&#8220;][\/vc_column_inner][vc_column_inner width=&#8220;1\/2&#8243;][\/vc_column_inner][\/vc_row_inner][\/vc_column][\/vc_row][vc_row disable_element=&#8220;yes&#8220; row_type=&#8220;parallax&#8220; content_width=&#8220;grid&#8220; content_aligment=&#8220;center&#8220; full_screen_section_height=&#8220;no&#8220; section_height=&#8220;630px&#8220; css=&#8220;.vc_custom_1651830653395{background: #000000 url(https:\/\/www.grancampingzarautz.com\/wp-content\/uploads\/2022\/03\/camping-vista-aerea.jpg?id=3203) !important;}&#8220;][vc_column][mkdf_elements_holder][mkdf_elements_holder_item item_padding=&#8220;16% 0 15% 0&#8243; horizontal_aligment=&#8220;center&#8220; item_padding_1024_1280=&#8220;14% 0 13% 0&#8243; item_padding_480_600=&#8220;25% 0 13% 0&#8243; item_padding_480=&#8220;25% 0 13% 0&#8243;][mkdf_video_button video_link=&#8220;https:\/\/youtu.be\/9InOOdVdFgk&#8220; title=&#8220;Luftaufnahme&#8220; title_style=&#8220;light&#8220;][\/mkdf_elements_holder_item][\/mkdf_elements_holder][\/vc_column][\/vc_row][vc_row content_width=&#8220;grid&#8220; css=&#8220;.vc_custom_1647537052591{padding-top: 80px !important;padding-bottom: 80px !important;}&#8220;][vc_column width=&#8220;2\/3&#8243; css=&#8220;.vc_custom_1647526297057{padding-right: 8% !important;}&#8220;][vc_column_text el_class=&#8220;title&#8220;]<\/p>\n<h2>Unsere Lage<\/h2>\n<p>[\/vc_column_text][vc_column_text]Inmitten einer nat\u00fcrlichen Umgebung, die in Nordspanien ihresgleichen sucht, liegt unser Campingplatz Genauer gesagt handelt es sich um die <strong>Anh\u00f6he Talai Mendi<\/strong>, die es unseren G\u00e4sten erm\u00f6glicht, die Aussicht sowohl auf das Meer als auch auf die Berge zu genie\u00dfen. Willst du diese Aussicht mit deinen eigenen Augen bewundern? Dann brauchst du nur einen Platz f\u00fcr den Zeitraum zu buchen, der dir am besten passt.<\/p>\n<p>Die Anh\u00f6he Talai Mendi ist Teil des gesch\u00fctzten <strong>Biotops von Zarautz<\/strong>. Es ist ein Gebiet von gro\u00dfem nat\u00fcrlichen Wert, das unter dem Schutz der baskischen Regierung steht. Es gilt sogar als Naturschutzgebiet.[\/vc_column_text][vc_empty_space height=&#8220;45&#8243;][vc_column_text el_class=&#8220;title&#8220;]<\/p>\n<h2>Frankreich, Bilbao und San Sebastian nur einen Steinwurf entfernt<\/h2>\n<p>[\/vc_column_text][vc_column_text]Bedenke auch, dass unser <strong>Campingplatz im Baskenland der n\u00e4chstgelegene zur Grenze nach Frankreich<\/strong> ist und wir das ganze Jahr \u00fcber ge\u00f6ffnet haben. Au\u00dferdem befinden wir uns an einem strategischen Punkt, um die St\u00e4dte Bilbao und San Sebastian zu besuchen. Wir sind sogar eine beliebte Anlaufstelle f\u00fcr Pilger auf dem K\u00fcstenweg (Camino del Norte) des Jakobsweges. Alle Wege f\u00fchren hier vorbei![\/vc_column_text][\/vc_column][vc_column width=&#8220;1\/3&#8243; css=&#8220;.vc_custom_1647526368230{padding-top: 0px !important;padding-right: 0px !important;padding-bottom: 0px !important;padding-left: 0px !important;}&#8220;][vc_row_inner][vc_column_inner css=&#8220;.vc_custom_1461241829224{padding-right: 7% !important;padding-left: 7% !important;}&#8220;][vc_raw_html]JTNDaWZyYW1lJTIwc3JjJTNEJTIyaHR0cHMlM0ElMkYlMkZ3d3cuZ29vZ2xlLmNvbSUyRm1hcHMlMkZlbWJlZCUzRnBiJTNEJTIxMW0xOCUyMTFtMTIlMjExbTMlMjExZDI5MDQuMTY4NTQ3MzI3MzE4JTIxMmQtMi4xNDg1NDU2ODQyMzA4NjIlMjEzZDQzLjI4OTc5MTg4Mzg3MTEyNSUyMTJtMyUyMTFmMCUyMTJmMCUyMTNmMCUyMTNtMiUyMTFpMTAyNCUyMTJpNzY4JTIxNGYxMy4xJTIxM20zJTIxMW0yJTIxMXMweGQ1MWM4MjNkNjFiMTJmZCUyNTNBMHg1MzA1NmNmZDU0ZmJmNmVkJTIxMnNHcmFuJTI1MjBDYW1waW5nJTI1MjBaYXJhdXR6JTIxNWUwJTIxM20yJTIxMXNlcyUyMTJzZXMlMjE0djE2NDc1MjYxMTAxNjglMjE1bTIlMjExc2VzJTIxMnNlcyUyMiUyMHdpZHRoJTNEJTIyMTAwJTI1JTIyJTIwaGVpZ2h0JTNEJTIyNDUwJTIyJTIwc3R5bGUlM0QlMjJib3JkZXIlM0EwJTNCJTIyJTIwYWxsb3dmdWxsc2NyZWVuJTNEJTIyJTIyJTIwbG9hZGluZyUzRCUyMmxhenklMjIlM0UlM0MlMkZpZnJhbWUlM0U=[\/vc_raw_html][\/vc_column_inner][\/vc_row_inner][\/vc_column][\/vc_row][vc_row content_aligment=&#8220;center&#8220; css=&#8220;.vc_custom_1647537042520{margin-top: 0px !important;margin-right: 0px !important;margin-bottom: 0px !important;margin-left: 0px !important;padding-top: 0px !important;padding-right: 0px !important;padding-bottom: 150px !important;padding-left: 0px !important;}&#8220;][vc_column css=&#8220;.vc_custom_1647361339433{margin-top: 0px !important;margin-right: 0px !important;margin-bottom: 0px !important;margin-left: 0px !important;padding-top: 0px !important;padding-right: 0px !important;padding-bottom: 0px !important;padding-left: 0px !important;}&#8220;][vc_raw_html]JTNDaWZyYW1lJTIwd2lkdGglM0QlMjIxMDAlMjUlMjIlMjBoZWlnaHQlM0QlMjI1MDAlMjIlMjBzcmMlM0QlMjJodHRwcyUzQSUyRiUyRndlYmNhbS5jYW1waW5nemFyYXV0ei5jb20lMkZsYXN0LXBpY3R1cmUtd2ViY2FtLnBocCUyMiUyMHNjcm9sbGluZyUzRCUyMm5vJTIyJTNFJTNDJTJGaWZyYW1lJTNF[\/vc_raw_html][vc_row_inner css=&#8220;.vc_custom_1652434860644{margin-top: -260px !important;}&#8220;][vc_column_inner][vc_column_text el_class=&#8220;title colorwhite&#8220;]<\/p>\n<h2 style=\"text-align: center;\">Zarautz Live<\/h2>\n<p>[\/vc_column_text][\/vc_column_inner][\/vc_row_inner][\/vc_column][\/vc_row][vc_row css=&#8220;.vc_custom_1648570710645{padding-top: 80px !important;padding-bottom: 80px !important;}&#8220;][vc_column][vc_row_inner content_width=&#8220;grid&#8220;][vc_column_inner width=&#8220;1\/12&#8243;][\/vc_column_inner][vc_column_inner width=&#8220;10\/12&#8243;][vc_gallery type=&#8220;image_grid&#8220; images=&#8220;3668,3664,3667,3703,5733,5887,6090&#8243; img_size=&#8220;full&#8220; onclick=&#8220;&#8220;][\/vc_column_inner][vc_column_inner width=&#8220;1\/12&#8243;][\/vc_column_inner][\/vc_row_inner][\/vc_column][\/vc_row]<\/p>\n","protected":false},"excerpt":{"rendered":"<p>[vc_row el_class=&#8220;zindex100000&#8243;][vc_column][rev_slider slidertitle=&#8220;Home 4&#8243; alias=&#8220;home-4&#8243;][vc_row_inner content_width=&#8220;grid&#8220;][vc_column_inner el_class=&#8220;reservasobreslider&#8220;][vc_raw_html]JTNDZGl2JTIwaWQlM0QlMjJ3aWRnZXRCb29raW5nQ29udGFpbmVyJTIyJTNFJTNDJTJGZGl2JTNF[\/vc_raw_html][\/vc_column_inner][\/vc_row_inner][\/vc_column][\/vc_row][vc_row row_type=&#8220;parallax&#8220; content_width=&#8220;grid&#8220; content_aligment=&#8220;center&#8220; full_screen_section_height=&#8220;no&#8220; section_height=&#8220;630px&#8220; css=&#8220;.vc_custom_1651829630584{background: #000000 url(https:\/\/www.grancampingzarautz.com\/wp-content\/uploads\/2022\/05\/camping-video-conocenos-fondo.jpg?id=4821) !important;}&#8220;][vc_column][mkdf_elements_holder][mkdf_elements_holder_item item_padding=&#8220;16% 0 15% 0&#8243; horizontal_aligment=&#8220;center&#8220; item_padding_1024_1280=&#8220;14% 0 13% 0&#8243; item_padding_480_600=&#8220;25% 0 13% 0&#8243; item_padding_480=&#8220;25% 0 13% 0&#8243;][mkdf_video_button video_link=&#8220;https:\/\/youtu.be\/5gUNtfsMnrA&#8220; title=&#8220;\u00dcber uns&#8220; title_style=&#8220;light&#8220;][\/mkdf_elements_holder_item][\/mkdf_elements_holder][\/vc_column][\/vc_row][vc_row content_width=&#8220;grid&#8220; css=&#8220;.vc_custom_1647359286173{padding-top: 80px !important;padding-bottom: 80px !important;background-color: #ebefef !important;}&#8220;][vc_column width=&#8220;1\/2&#8243;][vc_single_image image=&#8220;3201&#8243; img_size=&#8220;full&#8220; css_animation=&#8220;fadeInLeft&#8220;][\/vc_column][vc_column width=&#8220;1\/2&#8243;][vc_column_text el_class=&#8220;title&#8220;] Das ganze Jahr ge\u00f6ffnet [&hellip;]<\/p>\n","protected":false},"author":1,"featured_media":4479,"parent":0,"menu_order":0,"comment_status":"closed","ping_status":"closed","template":"full-width.php","meta":{"footnotes":""},"class_list":["post-4874","page","type-page","status-publish","has-post-thumbnail","hentry"],"yoast_head":"<!-- This site is optimized with the Yoast SEO plugin v25.9 - https:\/\/yoast.com\/wordpress\/plugins\/seo\/ -->\n<title>Gran Camping Zarautz, das ganze Jahr ge\u00f6ffnet<\/title>\n<meta name=\"description\" content=\"Gran Camping Zarautz, das ganze Jahr ge\u00f6ffnet Wir empfangen zu allen Jahreszeiten Besucher aus aller Welt.\" \/>\n<meta name=\"robots\" content=\"index, follow, max-snippet:-1, max-image-preview:large, max-video-preview:-1\" \/>\n<link rel=\"canonical\" href=\"https:\/\/www.grancampingzarautz.com\/de\/gran-camping-zarautz-das-ganze-jahr-geoeffnet\/\" \/>\n<meta property=\"og:locale\" content=\"de_DE\" \/>\n<meta property=\"og:type\" content=\"article\" \/>\n<meta property=\"og:title\" content=\"Gran Camping Zarautz, das ganze Jahr ge\u00f6ffnet\" \/>\n<meta property=\"og:description\" content=\"Gran Camping Zarautz, das ganze Jahr ge\u00f6ffnet Wir empfangen zu allen Jahreszeiten Besucher aus aller Welt.\" \/>\n<meta property=\"og:url\" content=\"https:\/\/www.grancampingzarautz.com\/de\/gran-camping-zarautz-das-ganze-jahr-geoeffnet\/\" \/>\n<meta property=\"og:site_name\" content=\"Gran Camping Zarautz\" \/>\n<meta property=\"article:modified_time\" content=\"2023-06-30T09:02:52+00:00\" \/>\n<meta property=\"og:image\" content=\"https:\/\/www.grancampingzarautz.com\/wp-content\/uploads\/2022\/03\/gran-camping-zarautz-inicio.jpg\" \/>\n\t<meta property=\"og:image:width\" content=\"450\" \/>\n\t<meta property=\"og:image:height\" content=\"450\" \/>\n\t<meta property=\"og:image:type\" content=\"image\/jpeg\" \/>\n<meta name=\"twitter:card\" content=\"summary_large_image\" \/>\n<meta name=\"twitter:label1\" content=\"Gesch\u00e4tzte Lesezeit\" \/>\n\t<meta name=\"twitter:data1\" content=\"4\u00a0Minuten\" \/>\n<script type=\"application\/ld+json\" class=\"yoast-schema-graph\">{\"@context\":\"https:\/\/schema.org\",\"@graph\":[{\"@type\":\"WebPage\",\"@id\":\"https:\/\/www.grancampingzarautz.com\/de\/gran-camping-zarautz-das-ganze-jahr-geoeffnet\/\",\"url\":\"https:\/\/www.grancampingzarautz.com\/de\/gran-camping-zarautz-das-ganze-jahr-geoeffnet\/\",\"name\":\"Gran Camping Zarautz, das ganze Jahr ge\u00f6ffnet\",\"isPartOf\":{\"@id\":\"https:\/\/www.grancampingzarautz.com\/de\/#website\"},\"primaryImageOfPage\":{\"@id\":\"https:\/\/www.grancampingzarautz.com\/de\/gran-camping-zarautz-das-ganze-jahr-geoeffnet\/#primaryimage\"},\"image\":{\"@id\":\"https:\/\/www.grancampingzarautz.com\/de\/gran-camping-zarautz-das-ganze-jahr-geoeffnet\/#primaryimage\"},\"thumbnailUrl\":\"https:\/\/www.grancampingzarautz.com\/wp-content\/uploads\/2022\/03\/gran-camping-zarautz-inicio.jpg\",\"datePublished\":\"2016-04-04T14:23:06+00:00\",\"dateModified\":\"2023-06-30T09:02:52+00:00\",\"description\":\"Gran Camping Zarautz, das ganze Jahr ge\u00f6ffnet Wir empfangen zu allen Jahreszeiten Besucher aus aller Welt.\",\"breadcrumb\":{\"@id\":\"https:\/\/www.grancampingzarautz.com\/de\/gran-camping-zarautz-das-ganze-jahr-geoeffnet\/#breadcrumb\"},\"inLanguage\":\"de\",\"potentialAction\":[{\"@type\":\"ReadAction\",\"target\":[\"https:\/\/www.grancampingzarautz.com\/de\/gran-camping-zarautz-das-ganze-jahr-geoeffnet\/\"]}]},{\"@type\":\"ImageObject\",\"inLanguage\":\"de\",\"@id\":\"https:\/\/www.grancampingzarautz.com\/de\/gran-camping-zarautz-das-ganze-jahr-geoeffnet\/#primaryimage\",\"url\":\"https:\/\/www.grancampingzarautz.com\/wp-content\/uploads\/2022\/03\/gran-camping-zarautz-inicio.jpg\",\"contentUrl\":\"https:\/\/www.grancampingzarautz.com\/wp-content\/uploads\/2022\/03\/gran-camping-zarautz-inicio.jpg\",\"width\":450,\"height\":450},{\"@type\":\"BreadcrumbList\",\"@id\":\"https:\/\/www.grancampingzarautz.com\/de\/gran-camping-zarautz-das-ganze-jahr-geoeffnet\/#breadcrumb\",\"itemListElement\":[{\"@type\":\"ListItem\",\"position\":1,\"name\":\"Portada\",\"item\":\"https:\/\/www.grancampingzarautz.com\/de\/\"},{\"@type\":\"ListItem\",\"position\":2,\"name\":\"Gran Camping Zarautz, das ganze Jahr ge\u00f6ffnet\"}]},{\"@type\":\"WebSite\",\"@id\":\"https:\/\/www.grancampingzarautz.com\/de\/#website\",\"url\":\"https:\/\/www.grancampingzarautz.com\/de\/\",\"name\":\"Gran Camping Zarautz\",\"description\":\"Camping abierto todo el a\u00f1o\",\"publisher\":{\"@id\":\"https:\/\/www.grancampingzarautz.com\/de\/#organization\"},\"potentialAction\":[{\"@type\":\"SearchAction\",\"target\":{\"@type\":\"EntryPoint\",\"urlTemplate\":\"https:\/\/www.grancampingzarautz.com\/de\/?s={search_term_string}\"},\"query-input\":{\"@type\":\"PropertyValueSpecification\",\"valueRequired\":true,\"valueName\":\"search_term_string\"}}],\"inLanguage\":\"de\"},{\"@type\":\"Organization\",\"@id\":\"https:\/\/www.grancampingzarautz.com\/de\/#organization\",\"name\":\"Gran Camping Zarautz\",\"url\":\"https:\/\/www.grancampingzarautz.com\/de\/\",\"logo\":{\"@type\":\"ImageObject\",\"inLanguage\":\"de\",\"@id\":\"https:\/\/www.grancampingzarautz.com\/de\/#\/schema\/logo\/image\/\",\"url\":\"https:\/\/www.grancampingzarautz.com\/wp-content\/uploads\/2024\/07\/logo.svg\",\"contentUrl\":\"https:\/\/www.grancampingzarautz.com\/wp-content\/uploads\/2024\/07\/logo.svg\",\"width\":255,\"height\":246,\"caption\":\"Gran Camping Zarautz\"},\"image\":{\"@id\":\"https:\/\/www.grancampingzarautz.com\/de\/#\/schema\/logo\/image\/\"}}]}<\/script>\n<!-- \/ Yoast SEO plugin. -->","yoast_head_json":{"title":"Gran Camping Zarautz, das ganze Jahr ge\u00f6ffnet","description":"Gran Camping Zarautz, das ganze Jahr ge\u00f6ffnet Wir empfangen zu allen Jahreszeiten Besucher aus aller Welt.","robots":{"index":"index","follow":"follow","max-snippet":"max-snippet:-1","max-image-preview":"max-image-preview:large","max-video-preview":"max-video-preview:-1"},"canonical":"https:\/\/www.grancampingzarautz.com\/de\/gran-camping-zarautz-das-ganze-jahr-geoeffnet\/","og_locale":"de_DE","og_type":"article","og_title":"Gran Camping Zarautz, das ganze Jahr ge\u00f6ffnet","og_description":"Gran Camping Zarautz, das ganze Jahr ge\u00f6ffnet Wir empfangen zu allen Jahreszeiten Besucher aus aller Welt.","og_url":"https:\/\/www.grancampingzarautz.com\/de\/gran-camping-zarautz-das-ganze-jahr-geoeffnet\/","og_site_name":"Gran Camping Zarautz","article_modified_time":"2023-06-30T09:02:52+00:00","og_image":[{"width":450,"height":450,"url":"https:\/\/www.grancampingzarautz.com\/wp-content\/uploads\/2022\/03\/gran-camping-zarautz-inicio.jpg","type":"image\/jpeg"}],"twitter_card":"summary_large_image","twitter_misc":{"Gesch\u00e4tzte Lesezeit":"4\u00a0Minuten"},"schema":{"@context":"https:\/\/schema.org","@graph":[{"@type":"WebPage","@id":"https:\/\/www.grancampingzarautz.com\/de\/gran-camping-zarautz-das-ganze-jahr-geoeffnet\/","url":"https:\/\/www.grancampingzarautz.com\/de\/gran-camping-zarautz-das-ganze-jahr-geoeffnet\/","name":"Gran Camping Zarautz, das ganze Jahr ge\u00f6ffnet","isPartOf":{"@id":"https:\/\/www.grancampingzarautz.com\/de\/#website"},"primaryImageOfPage":{"@id":"https:\/\/www.grancampingzarautz.com\/de\/gran-camping-zarautz-das-ganze-jahr-geoeffnet\/#primaryimage"},"image":{"@id":"https:\/\/www.grancampingzarautz.com\/de\/gran-camping-zarautz-das-ganze-jahr-geoeffnet\/#primaryimage"},"thumbnailUrl":"https:\/\/www.grancampingzarautz.com\/wp-content\/uploads\/2022\/03\/gran-camping-zarautz-inicio.jpg","datePublished":"2016-04-04T14:23:06+00:00","dateModified":"2023-06-30T09:02:52+00:00","description":"Gran Camping Zarautz, das ganze Jahr ge\u00f6ffnet Wir empfangen zu allen Jahreszeiten Besucher aus aller Welt.","breadcrumb":{"@id":"https:\/\/www.grancampingzarautz.com\/de\/gran-camping-zarautz-das-ganze-jahr-geoeffnet\/#breadcrumb"},"inLanguage":"de","potentialAction":[{"@type":"ReadAction","target":["https:\/\/www.grancampingzarautz.com\/de\/gran-camping-zarautz-das-ganze-jahr-geoeffnet\/"]}]},{"@type":"ImageObject","inLanguage":"de","@id":"https:\/\/www.grancampingzarautz.com\/de\/gran-camping-zarautz-das-ganze-jahr-geoeffnet\/#primaryimage","url":"https:\/\/www.grancampingzarautz.com\/wp-content\/uploads\/2022\/03\/gran-camping-zarautz-inicio.jpg","contentUrl":"https:\/\/www.grancampingzarautz.com\/wp-content\/uploads\/2022\/03\/gran-camping-zarautz-inicio.jpg","width":450,"height":450},{"@type":"BreadcrumbList","@id":"https:\/\/www.grancampingzarautz.com\/de\/gran-camping-zarautz-das-ganze-jahr-geoeffnet\/#breadcrumb","itemListElement":[{"@type":"ListItem","position":1,"name":"Portada","item":"https:\/\/www.grancampingzarautz.com\/de\/"},{"@type":"ListItem","position":2,"name":"Gran Camping Zarautz, das ganze Jahr ge\u00f6ffnet"}]},{"@type":"WebSite","@id":"https:\/\/www.grancampingzarautz.com\/de\/#website","url":"https:\/\/www.grancampingzarautz.com\/de\/","name":"Gran Camping Zarautz","description":"Camping abierto todo el a\u00f1o","publisher":{"@id":"https:\/\/www.grancampingzarautz.com\/de\/#organization"},"potentialAction":[{"@type":"SearchAction","target":{"@type":"EntryPoint","urlTemplate":"https:\/\/www.grancampingzarautz.com\/de\/?s={search_term_string}"},"query-input":{"@type":"PropertyValueSpecification","valueRequired":true,"valueName":"search_term_string"}}],"inLanguage":"de"},{"@type":"Organization","@id":"https:\/\/www.grancampingzarautz.com\/de\/#organization","name":"Gran Camping Zarautz","url":"https:\/\/www.grancampingzarautz.com\/de\/","logo":{"@type":"ImageObject","inLanguage":"de","@id":"https:\/\/www.grancampingzarautz.com\/de\/#\/schema\/logo\/image\/","url":"https:\/\/www.grancampingzarautz.com\/wp-content\/uploads\/2024\/07\/logo.svg","contentUrl":"https:\/\/www.grancampingzarautz.com\/wp-content\/uploads\/2024\/07\/logo.svg","width":255,"height":246,"caption":"Gran Camping Zarautz"},"image":{"@id":"https:\/\/www.grancampingzarautz.com\/de\/#\/schema\/logo\/image\/"}}]}},"_links":{"self":[{"href":"https:\/\/www.grancampingzarautz.com\/de\/wp-json\/wp\/v2\/pages\/4874","targetHints":{"allow":["GET"]}}],"collection":[{"href":"https:\/\/www.grancampingzarautz.com\/de\/wp-json\/wp\/v2\/pages"}],"about":[{"href":"https:\/\/www.grancampingzarautz.com\/de\/wp-json\/wp\/v2\/types\/page"}],"author":[{"embeddable":true,"href":"https:\/\/www.grancampingzarautz.com\/de\/wp-json\/wp\/v2\/users\/1"}],"replies":[{"embeddable":true,"href":"https:\/\/www.grancampingzarautz.com\/de\/wp-json\/wp\/v2\/comments?post=4874"}],"version-history":[{"count":0,"href":"https:\/\/www.grancampingzarautz.com\/de\/wp-json\/wp\/v2\/pages\/4874\/revisions"}],"wp:featuredmedia":[{"embeddable":true,"href":"https:\/\/www.grancampingzarautz.com\/de\/wp-json\/wp\/v2\/media\/4479"}],"wp:attachment":[{"href":"https:\/\/www.grancampingzarautz.com\/de\/wp-json\/wp\/v2\/media?parent=4874"}],"curies":[{"name":"wp","href":"https:\/\/api.w.org\/{rel}","templated":true}]}}